{"id":495,"date":"2020-01-21T14:21:44","date_gmt":"2020-01-21T13:21:44","guid":{"rendered":"https:\/\/demo.valloire-location.com\/?page_id=495"},"modified":"2020-01-21T14:23:51","modified_gmt":"2020-01-21T13:23:51","slug":"conditions-generales-et-particulieres-de-location-en","status":"publish","type":"page","link":"https:\/\/valloire-location.com\/en\/conditions-generales-et-particulieres-de-location-en\/","title":{"rendered":"Conditions g\u00e9n\u00e9rales et particuli\u00e8res de location en"},"content":{"rendered":"<div class=\"fusion-fullwidth fullwidth-box fusion-builder-row-1 nonhundred-percent-fullwidth non-hundred-percent-height-scrolling\" style=\"--awb-border-radius-top-left:0px;--awb-border-radius-top-right:0px;--awb-border-radius-bottom-right:0px;--awb-border-radius-bottom-left:0px;--awb-flex-wrap:wrap;\" ><div class=\"fusion-builder-row fusion-row\"><div class=\"fusion-layout-column fusion_builder_column fusion-builder-column-0 fusion_builder_column_1_1 1_1 fusion-one-full fusion-column-first fusion-column-last\" style=\"--awb-bg-size:cover;\"><div class=\"fusion-column-wrapper fusion-column-has-shadow fusion-flex-column-wrapper-legacy\"><div class=\"fusion-text fusion-text-1\"><p>\u00ab\u00a0LA CORDEE\u00a0\u00bb VALLOIRE 73450<\/p>\n<h3>LOYER\/RESERVATION :<\/h3>\n<p>La somme vers\u00e9e concomitamment a la remise de l offre de location, par le locataire constitue un acompte (correspondant a 25% du montant total du s\u00e9jour hors prestations annexes).Le Locataire est\u00a0 d\u00e9finitivement engag\u00e9 par la remise de l\u2019offre et de l\u2019acompte au Loueur- des que le Loueur confirme le contrat , le solde de ce dernier est du dans sa totalit\u00e9 a la remise des cl\u00e9s<\/p>\n<p>Des r\u00e9ception du paiement de l\u2019acompte,le Loueur confirmera par courrier \u00e9lectronique la conclusion d\u00e9finitive du contrat de location,dans 1 d\u00e9lai de maximum 7 jours ouvres a compter de l encaissement de l acompte.<\/p>\n<p>A d\u00e9faut de confirmation de la location par le Loueur dans le d\u00e9lai mentionne, notamment si les locaux choisis par le Locataire n\u2019\u00e9taient plus disponibles pour la p\u00e9riode souhait\u00e9e, la somme vers\u00e9e par le locataire lui sera int\u00e9gralement restitu\u00e9e dans un d\u00e9lai de 15 jours ouvres. Sur demande expresse du Locataire, le Loueur pourra conserver cette somme pour la<\/p>\n<p>Location d\u2019un appartement similaire ou pour une autre p\u00e9riode, les conditions de cette nouvelle location \u00e9tant imm\u00e9diatement transmises au Locataire en vue de recueillir son accord<\/p>\n<p>Expres .La plupart des s\u00e9jours sont de \u00e8 nuits, du samedi au samedi, a l\u2019exception de certains s\u00e9jour ou \u00ab\u00a0\u00e9v\u00e9nements\u00a0 sp\u00e9ciaux\u00a0\u00bb.<\/p>\n<h3>ARRIV\u00c9ES ET D\u00c9PARTS :<\/h3>\n<p>Le Locataire pourra prendre possession des cl\u00e9s le jour d\u2019arriv\u00e9e<\/p>\n<p>Mentionn\u00e9e dans le contrat\u00a0 a partir de 15h30.Encas d\u2019arriv\u00e9e tardive, il devra pr\u00e9venir le Loueur afin qu\u2019il lui explique la marche a suivre\u00a0 \/le Locataire devra\u00a0 restituer les cl\u00e9s , le samedi suivant entre 8h30 et 9h30 \u2013L\u2019appartement devra etre rendu en parfait \u00e9tat de propret\u00e9<\/p>\n<p>TRAVAUX\u00a0:le Locataire devra laisser libre acces a l\u2019appartement lou\u00e9 au Loueur et a ses entrepreneurs,qui devraient intervenir pour r\u00e9aliser des travaux urgents<\/p>\n<h3>ASSURANCE\u00a0 \u00ab\u00a0 RESPONSABILIT\u00c9 CIVILE VILL\u00c9GIATURE \u00bb<\/h3>\n<p>Le Locataire porte la responsabilit\u00e9 des dommages caus\u00e9s a l\u2019immeuble occup\u00e9 pendant la dur\u00e9e de location .Il est par cons\u00e9quent fortement recommand\u00e9 aux Locataires d\u2019etre assur\u00e9s<\/p>\n<p>A une compagnie d\u2019assurances\u00a0 notoirement connue contre les risques de vol, incendie,et d\u00e9gats des eaux ,tant pour ses risques locatifs que pour le mobilier donn\u00e9 en location, ainsi que pour les recours des voisins, et en justifier \u00e0 premiere r\u00e9quisition du Loueur\u00a0 ou de son mandataire.<\/p>\n<h3>M\u00c9NAGE :<\/h3>\n<p>Le nettoyage des locaux est \u00e0 la charge du Locataire sortant\u00a0: sanitaire et bloc cuisine \u2013sol\/Une option \u00ab\u00a0m\u00e9nage\u00a0 final\u00a0\u00bb payante\u00a0 est propos\u00e9\u00a0 a l\u2019arriv\u00e9e mais celle-ci vous impose n\u00e9anmoins de laiss\u00e9 la cuisine rang\u00e9e et les poubelles vid\u00e9es.<\/p>\n<h3>COUCHAGES\u00a0:<\/h3>\n<p>Concernant les lits superpos\u00e9s.Il est rappel\u00e9 aux Locataires que conform\u00e9ment a la\u00a0 r\u00e9glementation applicable\u00a0 \u00ab\u00a0 le couchage en hauteur ne convient pas a des enfants de moins de 6 ans\u00a0\u00bb Kit BB comprend un lit parapluie et 1 chaise haute \u2013\u00a0\u00a0 \u00a0.Nous vous conseillons vivement de le r\u00e9server avant votre arriv\u00e9e.<\/p>\n<h3>CONNEXION au WIFI INTERNET :<\/h3>\n<p>S\u2019agissant de la connexion au WIFI de l\u2019appartement pour naviguer\u00a0 sur internet ,le Locataire est inform\u00e9 qu\u2019Internet est un r\u00e9seau v\u00e9hiculant des donn\u00e9es susceptibles d\u2019etre prot\u00e9g\u00e9es par des droits de propri\u00e9t\u00e9 intellectuelle, litt\u00e9raire,artistique, photographiques ou d\u2019enfreindre les dispositions l\u00e9gales en vigueur.Le Locataire s\u2019 interdit donc de transmettre sur Internet\u00a0 ou de t\u00e9l\u00e9charger depuis Internet toute donn\u00e9e prohib\u00e9e, illicite,ill\u00e9gale,contraire aux bonnes m\u0153urs ou a l\u2019ordre public et portant atteinte ou susceptibles de porter atteinte aux droits de tiers et notamment aux droits de propri\u00e9t\u00e9\u00a0 intellectuelle, litt\u00e9raire, artistique, ou photographique .<\/p>\n<p>Le Locataire est seul responsable de tout pr\u00e9judice direct ou indirect , mat\u00e9riel ou immat\u00e9riel cause a des tiers du fait de sa connexion au WIFI de l\u2019 appartement . De meme il lui est formellement interdit de communiquer aux voisins le code d\u2019acc\u00e8s\u00a0 du r\u00e9seau\u00a0 sous peine de poursuites p\u00e9nales .<\/p>\n<h3>ANIMAUX :<\/h3>\n<p>N\u2019introduire aucun animal familier (chiens chats\u2026) dans les locaux lou\u00e9s sans autorisation pr\u00e9alable\u00a0 du LOUEUR.la possibilit\u00e9 de d\u00e9tention \u00e9tant subordonn\u00e9e au fait que l\u2019animal ne cause aucun d\u00e9gat aux locaux mis a la disposition du Locataire ni aucun trouble de jouissance dans le voisinage.Il est demand\u00e9 \u00e9galement que les animaux soient tenus en laisse dans les parties communes et ne doivent EN AUCUN CAS\u00a0 rest\u00e9 seuls dans l\u2019appartement .<\/p>\n<p>Le Loueur\u00a0 se r\u00e9serve\u00a0\u00a0 la possibilit\u00e9 de refuser les animaux\u00a0 dangereux ou agressifs.<\/p>\n<p>Le Locataire s engage a se munir du carnet de sant\u00e9 de l animal.<\/p>\n<p>Une caution suppl\u00e9mentaire de 100,00\u20ac\/animal\/s\u00e9jour\u00a0 peux \u00e8tre demand\u00e9e au propri\u00e9taire de l\u2019animal lors de son arriv\u00e9e.<\/p>\n<h3>R\u00c8GLEMENT INT\u00c9RIEUR :<\/h3>\n<p>L\u2019entr\u00e9e de la maison se fait par un digicode.il est important pour la s\u00e9curit\u00e9\u00a0 de la maison de ne pas communiquer ce code \u00e0 des personnes non r\u00e9sidentes<\/p>\n<p>Pour la s\u00e9curit\u00e9 de l\u2019ensemble de LA CORDEE , nous vous rappelons qu\u2019il est de votre responsabilit\u00e9 de\u00a0 v\u00e9rifier\u00a0 la fermetures de vos portes d\u2019entr\u00e9es d\u2019appartement..afin de faciliter vos vacances un r\u00e8glement interieur est affich\u00e9 dans chaque appartement\u00a0; nous vous remercions d\u2019en prendre connaissance et de le respecter.Veuillez\u00a0 fermer les portes a cl\u00e9s en quittant votre appartement<\/p>\n<h3>CHARGES LOCATIVES et TAXES de SEJOUR\u00a0:<\/h3>\n<p>Les tarifs\u00a0 s\u2019entendent toutes charges incluses\u00a0 eau gaz \u00e9lectricit\u00e9\u00a0 chauffage . une taxe de s\u00e9jour est en vigueur dans la station et elle est incluse dans le prix .\u00a0 \u2013<\/p>\n<h3>CAUTION- ETAT DES LIEUX<\/h3>\n<p>Le Locataire devra remettre au Loueur , le jour de l\u2019entr\u00e9e dans les lieux une CAUTION<\/p>\n<p>pour garantie des obligations locatives du ou des locataires\u00a0; qui vise a couvrir<\/p>\n<p>&#8211;\u00a0\u00a0\u00a0\u00a0\u00a0\u00a0\u00a0\u00a0\u00a0 r\u00e9parations, nettoyages , li\u00e9es \u00a0a une\u00a0 d\u00e9gradation \u00e9tat des lieux<\/p>\n<p>Dans le cas contraire\u00a0 La CAUTION\u00a0 sera restitu\u00e9e dans un d\u00e9lai de 2 mois suivant le d\u00e9part du Locataire Cette somme n\u2019est productive d\u2019 interets .En cas d\u2019insuffisance , le Locataire s\u2019engage\u00a0 a compl\u00e9ter la somme sur simple pr\u00e9sentation de facture, si il est prouv\u00e9 que les dommages sont le fait du Locataire.<\/p>\n<h3>R\u00c9CLAMATIONS :<\/h3>\n<p>Toute r\u00e9clamation ou contestation devra nous parvenir au plus tard un mois apr\u00e8s la date de fin de s\u00e9jour \/au \u2013 del\u00e0 \u00a0de ce d\u00e9lai la r\u00e9clamation ne pourra pas \u00eatre prise en consid\u00e9ration.<\/p>\n<h3>\u00a0NOTIFICATIONS \u00a0ET JURIDICTION COMP\u00c9TENTE<\/h3>\n<p>Toute notification est valablement effectu\u00e9e pour le Locataire\u00a0: a l\u2019adresse du Locataire principal, pour le Loueur , a l\u2019adresse de la Location<\/p>\n<p>En cas de litige, le consommateur est inform\u00e9 de la possibilit\u00e9 de recourir a une m\u00e9diation conventionnelle ou a une conciliation.Le tribunal territorialement comp\u00e9tent est celui du lieu de la Location , soit les tribunaux mat\u00e9riellement\u00a0 comp\u00e9tents situ\u00e9s dans le ressort de la cour d\u2019Appel de\u00a0 Chambery (73)<\/p>\n<p>LA CORD\u00c9E\u00a0 location\u00a0 saisonni\u00e8re studio et appartements<\/p>\n<p>Rue des Boriots 73450 valloire tel\u00a0:0669123243\/ 0479590101\u00a0 tel\/fax<\/p>\n<\/div><div class=\"fusion-clearfix\"><\/div><\/div><\/div><\/div><\/div>\n","protected":false},"excerpt":{"rendered":"","protected":false},"author":1,"featured_media":0,"parent":0,"menu_order":0,"comment_status":"closed","ping_status":"closed","template":"","meta":{"_exactmetrics_skip_tracking":false,"_exactmetrics_sitenote_active":false,"_exactmetrics_sitenote_note":"","_exactmetrics_sitenote_category":0,"footnotes":""},"class_list":["post-495","page","type-page","status-publish","hentry"],"yoast_head":"<!-- This site is optimized with the Yoast SEO plugin v23.4 - https:\/\/yoast.com\/wordpress\/plugins\/seo\/ -->\n<title>Conditions g\u00e9n\u00e9rales et particuli\u00e8res de location en - R\u00e9sidence La Cord\u00e9e \u00e0 Valloire<\/title>\n<meta name=\"robots\" content=\"index, follow, max-snippet:-1, max-image-preview:large, max-video-preview:-1\" \/>\n<link rel=\"canonical\" href=\"https:\/\/valloire-location.com\/conditions-generales-de-vente\/\" \/>\n<meta property=\"og:locale\" content=\"en_US\" \/>\n<meta property=\"og:type\" content=\"article\" \/>\n<meta property=\"og:title\" content=\"Conditions g\u00e9n\u00e9rales et particuli\u00e8res de location en - R\u00e9sidence La Cord\u00e9e \u00e0 Valloire\" \/>\n<meta property=\"og:url\" content=\"https:\/\/valloire-location.com\/conditions-generales-de-vente\/\" \/>\n<meta property=\"og:site_name\" content=\"R\u00e9sidence La Cord\u00e9e \u00e0 Valloire\" \/>\n<meta property=\"article:modified_time\" content=\"2020-01-21T13:23:51+00:00\" \/>\n<meta name=\"twitter:card\" content=\"summary_large_image\" \/>\n<meta name=\"twitter:label1\" content=\"Est. reading time\" \/>\n\t<meta name=\"twitter:data1\" content=\"8 minutes\" \/>\n<script type=\"application\/ld+json\" class=\"yoast-schema-graph\">{\"@context\":\"https:\/\/schema.org\",\"@graph\":[{\"@type\":\"WebPage\",\"@id\":\"https:\/\/valloire-location.com\/conditions-generales-de-vente\/\",\"url\":\"https:\/\/valloire-location.com\/conditions-generales-de-vente\/\",\"name\":\"Conditions g\u00e9n\u00e9rales et particuli\u00e8res de location en - R\u00e9sidence La Cord\u00e9e \u00e0 Valloire\",\"isPartOf\":{\"@id\":\"https:\/\/valloire-location.com\/#website\"},\"datePublished\":\"2020-01-21T13:21:44+00:00\",\"dateModified\":\"2020-01-21T13:23:51+00:00\",\"breadcrumb\":{\"@id\":\"https:\/\/valloire-location.com\/conditions-generales-de-vente\/#breadcrumb\"},\"inLanguage\":\"en-US\",\"potentialAction\":[{\"@type\":\"ReadAction\",\"target\":[\"https:\/\/valloire-location.com\/conditions-generales-de-vente\/\"]}]},{\"@type\":\"BreadcrumbList\",\"@id\":\"https:\/\/valloire-location.com\/conditions-generales-de-vente\/#breadcrumb\",\"itemListElement\":[{\"@type\":\"ListItem\",\"position\":1,\"name\":\"Accueil\",\"item\":\"https:\/\/valloire-location.com\/\"},{\"@type\":\"ListItem\",\"position\":2,\"name\":\"Conditions g\u00e9n\u00e9rales et particuli\u00e8res de location en\"}]},{\"@type\":\"WebSite\",\"@id\":\"https:\/\/valloire-location.com\/#website\",\"url\":\"https:\/\/valloire-location.com\/\",\"name\":\"R\u00e9sidence La Cord\u00e9e \u00e0 Valloire\",\"description\":\"Locations Appartements Valloire Galibier\",\"potentialAction\":[{\"@type\":\"SearchAction\",\"target\":{\"@type\":\"EntryPoint\",\"urlTemplate\":\"https:\/\/valloire-location.com\/?s={search_term_string}\"},\"query-input\":{\"@type\":\"PropertyValueSpecification\",\"valueRequired\":true,\"valueName\":\"search_term_string\"}}],\"inLanguage\":\"en-US\"}]}<\/script>\n<!-- \/ Yoast SEO plugin. -->","yoast_head_json":{"title":"Conditions g\u00e9n\u00e9rales et particuli\u00e8res de location en - R\u00e9sidence La Cord\u00e9e \u00e0 Valloire","robots":{"index":"index","follow":"follow","max-snippet":"max-snippet:-1","max-image-preview":"max-image-preview:large","max-video-preview":"max-video-preview:-1"},"canonical":"https:\/\/valloire-location.com\/conditions-generales-de-vente\/","og_locale":"en_US","og_type":"article","og_title":"Conditions g\u00e9n\u00e9rales et particuli\u00e8res de location en - R\u00e9sidence La Cord\u00e9e \u00e0 Valloire","og_url":"https:\/\/valloire-location.com\/conditions-generales-de-vente\/","og_site_name":"R\u00e9sidence La Cord\u00e9e \u00e0 Valloire","article_modified_time":"2020-01-21T13:23:51+00:00","twitter_card":"summary_large_image","twitter_misc":{"Est. reading time":"8 minutes"},"schema":{"@context":"https:\/\/schema.org","@graph":[{"@type":"WebPage","@id":"https:\/\/valloire-location.com\/conditions-generales-de-vente\/","url":"https:\/\/valloire-location.com\/conditions-generales-de-vente\/","name":"Conditions g\u00e9n\u00e9rales et particuli\u00e8res de location en - R\u00e9sidence La Cord\u00e9e \u00e0 Valloire","isPartOf":{"@id":"https:\/\/valloire-location.com\/#website"},"datePublished":"2020-01-21T13:21:44+00:00","dateModified":"2020-01-21T13:23:51+00:00","breadcrumb":{"@id":"https:\/\/valloire-location.com\/conditions-generales-de-vente\/#breadcrumb"},"inLanguage":"en-US","potentialAction":[{"@type":"ReadAction","target":["https:\/\/valloire-location.com\/conditions-generales-de-vente\/"]}]},{"@type":"BreadcrumbList","@id":"https:\/\/valloire-location.com\/conditions-generales-de-vente\/#breadcrumb","itemListElement":[{"@type":"ListItem","position":1,"name":"Accueil","item":"https:\/\/valloire-location.com\/"},{"@type":"ListItem","position":2,"name":"Conditions g\u00e9n\u00e9rales et particuli\u00e8res de location en"}]},{"@type":"WebSite","@id":"https:\/\/valloire-location.com\/#website","url":"https:\/\/valloire-location.com\/","name":"R\u00e9sidence La Cord\u00e9e \u00e0 Valloire","description":"Locations Appartements Valloire Galibier","potentialAction":[{"@type":"SearchAction","target":{"@type":"EntryPoint","urlTemplate":"https:\/\/valloire-location.com\/?s={search_term_string}"},"query-input":{"@type":"PropertyValueSpecification","valueRequired":true,"valueName":"search_term_string"}}],"inLanguage":"en-US"}]}},"_links":{"self":[{"href":"https:\/\/valloire-location.com\/en\/wp-json\/wp\/v2\/pages\/495"}],"collection":[{"href":"https:\/\/valloire-location.com\/en\/wp-json\/wp\/v2\/pages"}],"about":[{"href":"https:\/\/valloire-location.com\/en\/wp-json\/wp\/v2\/types\/page"}],"author":[{"embeddable":true,"href":"https:\/\/valloire-location.com\/en\/wp-json\/wp\/v2\/users\/1"}],"replies":[{"embeddable":true,"href":"https:\/\/valloire-location.com\/en\/wp-json\/wp\/v2\/comments?post=495"}],"version-history":[{"count":3,"href":"https:\/\/valloire-location.com\/en\/wp-json\/wp\/v2\/pages\/495\/revisions"}],"predecessor-version":[{"id":498,"href":"https:\/\/valloire-location.com\/en\/wp-json\/wp\/v2\/pages\/495\/revisions\/498"}],"wp:attachment":[{"href":"https:\/\/valloire-location.com\/en\/wp-json\/wp\/v2\/media?parent=495"}],"curies":[{"name":"wp","href":"https:\/\/api.w.org\/{rel}","templated":true}]}}